{"id":356,"date":"2019-04-12T16:00:05","date_gmt":"2019-04-12T16:00:05","guid":{"rendered":"http:\/\/burmaprojekt.de\/?page_id=356"},"modified":"2021-02-01T22:38:54","modified_gmt":"2021-02-01T22:38:54","slug":"veranstaltungen","status":"publish","type":"page","link":"https:\/\/burmaprojekt.de\/?page_id=356","title":{"rendered":"Aktuelles"},"content":{"rendered":"\n<p><strong>Schwerer R\u00fcckschlag f\u00fcr eine junge Demokratie.  <\/strong><\/p>\n\n\n\n<p>Am\n1. Februar 2021 hat das Milit\u00e4r in Myanmar durch einen Staatsstreich\ndie Macht\u00fcbernahme \u00fcber das Land erzwungen und  Pr\u00e4sident Win\nMyint, Staatsr\u00e4tin Aung San Suu Kyi und Politiker der\nRegierungspartei NLD festgenommen. \n<\/p>\n\n\n\n<p>Ohne\nBeweise vorzulegen wirft das Milit\u00e4r der NLD \u201eWahlbetrug\u201c vor,\nnachdem die Partei bei den vergangenen Parlamentswahlen im November\n2020 einen Erdrutschsieg erlangte. Die Armee hatte zeitweise die\nInternet- und Telefonverbindungen gekappt, der landesweiten Notstand\nausgerufen und sich selbst an die F\u00fchrungsspitze gestellt. \n<\/p>\n\n\n\n<p>Damit\nzerschl\u00e4gt das Milit\u00e4r alle Hoffnungen und Bestrebungen auf eine\nDemokratie in Myanmar. \n<\/p>\n\n\n\n<p>Eine\nDemokratie, die das Volk selbst gew\u00e4hlt hat. \n<\/p>\n\n\n\n<p>Stattdessen\ndroht jetzt eine R\u00fcckkehr zur Milit\u00e4rdiktatur und die Menschen in\nMyanmar sehen einer unsicheren Zukunft entgegen. \n<\/p>\n\n\n\n<p>Wir schlie\u00dfen uns hiermit den Forderungen von Bundesau\u00dfenminister Heiko Maas, EU-Au\u00dfenbeauftragter Joseph Borrell und UN-Generalsekret\u00e4r Ant\u00f3nio Guterres an und verurteilen das Vorgehen des Milit\u00e4rs aufs Sch\u00e4rfste. Wir fordern eine Freilassung der Festgenommenen, den Wiedereinsatz der zivilen F\u00fchrung im Land und die Achtung der demokratischen Institutionen zur Sicherung der Menschenrechte und Frieden in Myanmar.  <\/p>\n","protected":false},"excerpt":{"rendered":"<p>Schwerer R\u00fcckschlag f\u00fcr eine junge Demokratie. Am 1. Februar 2021 hat das Milit\u00e4r in Myanmar durch einen Staatsstreich die Macht\u00fcbernahme \u00fcber das Land erzwungen und Pr\u00e4sident Win Myint, Staatsr\u00e4tin Aung San Suu Kyi und Politiker der Regierungspartei NLD&#8230; <a class=\"read-more\" href=\"https:\/\/burmaprojekt.de\/?page_id=356\">Read More<\/a><\/p>\n","protected":false},"author":1,"featured_media":0,"parent":0,"menu_order":0,"comment_status":"closed","ping_status":"closed","template":"templates\/organic-custom-template.php","meta":{"footnotes":""},"class_list":["post-356","page","type-page","status-publish","hentry","no-comments"],"yoast_head":"<!-- This site is optimized with the Yoast SEO plugin v24.7 - https:\/\/yoast.com\/wordpress\/plugins\/seo\/ -->\n<title>Aktuelles &#8226; Burma Projekt<\/title>\n<meta name=\"robots\" content=\"index, follow, max-snippet:-1, max-image-preview:large, max-video-preview:-1\" \/>\n<link rel=\"canonical\" href=\"https:\/\/burmaprojekt.de\/?page_id=356\" \/>\n<meta property=\"og:locale\" content=\"en_US\" \/>\n<meta property=\"og:type\" content=\"article\" \/>\n<meta property=\"og:title\" content=\"Aktuelles &#8226; Burma Projekt\" \/>\n<meta property=\"og:description\" content=\"Schwerer R\u00fcckschlag f\u00fcr eine junge Demokratie. Am 1. Februar 2021 hat das Milit\u00e4r in Myanmar durch einen Staatsstreich die Macht\u00fcbernahme \u00fcber das Land erzwungen und Pr\u00e4sident Win Myint, Staatsr\u00e4tin Aung San Suu Kyi und Politiker der Regierungspartei NLD... Read More\" \/>\n<meta property=\"og:url\" content=\"https:\/\/burmaprojekt.de\/?page_id=356\" \/>\n<meta property=\"og:site_name\" content=\"Burma Projekt\" \/>\n<meta property=\"article:modified_time\" content=\"2021-02-01T22:38:54+00:00\" \/>\n<meta name=\"twitter:card\" content=\"summary_large_image\" \/>\n<meta name=\"twitter:label1\" content=\"Est. reading time\" \/>\n\t<meta name=\"twitter:data1\" content=\"1 minute\" \/>\n<script type=\"application\/ld+json\" class=\"yoast-schema-graph\">{\"@context\":\"https:\/\/schema.org\",\"@graph\":[{\"@type\":\"WebPage\",\"@id\":\"https:\/\/burmaprojekt.de\/?page_id=356\",\"url\":\"https:\/\/burmaprojekt.de\/?page_id=356\",\"name\":\"Aktuelles &#8226; Burma Projekt\",\"isPartOf\":{\"@id\":\"https:\/\/burmaprojekt.de\/#website\"},\"datePublished\":\"2019-04-12T16:00:05+00:00\",\"dateModified\":\"2021-02-01T22:38:54+00:00\",\"breadcrumb\":{\"@id\":\"https:\/\/burmaprojekt.de\/?page_id=356#breadcrumb\"},\"inLanguage\":\"en-US\",\"potentialAction\":[{\"@type\":\"ReadAction\",\"target\":[\"https:\/\/burmaprojekt.de\/?page_id=356\"]}]},{\"@type\":\"BreadcrumbList\",\"@id\":\"https:\/\/burmaprojekt.de\/?page_id=356#breadcrumb\",\"itemListElement\":[{\"@type\":\"ListItem\",\"position\":1,\"name\":\"Home\",\"item\":\"https:\/\/burmaprojekt.de\/\"},{\"@type\":\"ListItem\",\"position\":2,\"name\":\"Aktuelles\"}]},{\"@type\":\"WebSite\",\"@id\":\"https:\/\/burmaprojekt.de\/#website\",\"url\":\"https:\/\/burmaprojekt.de\/\",\"name\":\"Burma Projekt\",\"description\":\"\",\"publisher\":{\"@id\":\"https:\/\/burmaprojekt.de\/#organization\"},\"potentialAction\":[{\"@type\":\"SearchAction\",\"target\":{\"@type\":\"EntryPoint\",\"urlTemplate\":\"https:\/\/burmaprojekt.de\/?s={search_term_string}\"},\"query-input\":{\"@type\":\"PropertyValueSpecification\",\"valueRequired\":true,\"valueName\":\"search_term_string\"}}],\"inLanguage\":\"en-US\"},{\"@type\":\"Organization\",\"@id\":\"https:\/\/burmaprojekt.de\/#organization\",\"name\":\"Burma Projekt e.V. Berlin\",\"url\":\"https:\/\/burmaprojekt.de\/\",\"logo\":{\"@type\":\"ImageObject\",\"inLanguage\":\"en-US\",\"@id\":\"https:\/\/burmaprojekt.de\/#\/schema\/logo\/image\/\",\"url\":\"https:\/\/burmaprojekt.de\/wp-content\/uploads\/2019\/03\/Logo.jpg\",\"contentUrl\":\"https:\/\/burmaprojekt.de\/wp-content\/uploads\/2019\/03\/Logo.jpg\",\"width\":467,\"height\":720,\"caption\":\"Burma Projekt e.V. Berlin\"},\"image\":{\"@id\":\"https:\/\/burmaprojekt.de\/#\/schema\/logo\/image\/\"}}]}<\/script>\n<!-- \/ Yoast SEO plugin. -->","yoast_head_json":{"title":"Aktuelles &#8226; Burma Projekt","robots":{"index":"index","follow":"follow","max-snippet":"max-snippet:-1","max-image-preview":"max-image-preview:large","max-video-preview":"max-video-preview:-1"},"canonical":"https:\/\/burmaprojekt.de\/?page_id=356","og_locale":"en_US","og_type":"article","og_title":"Aktuelles &#8226; Burma Projekt","og_description":"Schwerer R\u00fcckschlag f\u00fcr eine junge Demokratie. Am 1. Februar 2021 hat das Milit\u00e4r in Myanmar durch einen Staatsstreich die Macht\u00fcbernahme \u00fcber das Land erzwungen und Pr\u00e4sident Win Myint, Staatsr\u00e4tin Aung San Suu Kyi und Politiker der Regierungspartei NLD... Read More","og_url":"https:\/\/burmaprojekt.de\/?page_id=356","og_site_name":"Burma Projekt","article_modified_time":"2021-02-01T22:38:54+00:00","twitter_card":"summary_large_image","twitter_misc":{"Est. reading time":"1 minute"},"schema":{"@context":"https:\/\/schema.org","@graph":[{"@type":"WebPage","@id":"https:\/\/burmaprojekt.de\/?page_id=356","url":"https:\/\/burmaprojekt.de\/?page_id=356","name":"Aktuelles &#8226; Burma Projekt","isPartOf":{"@id":"https:\/\/burmaprojekt.de\/#website"},"datePublished":"2019-04-12T16:00:05+00:00","dateModified":"2021-02-01T22:38:54+00:00","breadcrumb":{"@id":"https:\/\/burmaprojekt.de\/?page_id=356#breadcrumb"},"inLanguage":"en-US","potentialAction":[{"@type":"ReadAction","target":["https:\/\/burmaprojekt.de\/?page_id=356"]}]},{"@type":"BreadcrumbList","@id":"https:\/\/burmaprojekt.de\/?page_id=356#breadcrumb","itemListElement":[{"@type":"ListItem","position":1,"name":"Home","item":"https:\/\/burmaprojekt.de\/"},{"@type":"ListItem","position":2,"name":"Aktuelles"}]},{"@type":"WebSite","@id":"https:\/\/burmaprojekt.de\/#website","url":"https:\/\/burmaprojekt.de\/","name":"Burma Projekt","description":"","publisher":{"@id":"https:\/\/burmaprojekt.de\/#organization"},"potentialAction":[{"@type":"SearchAction","target":{"@type":"EntryPoint","urlTemplate":"https:\/\/burmaprojekt.de\/?s={search_term_string}"},"query-input":{"@type":"PropertyValueSpecification","valueRequired":true,"valueName":"search_term_string"}}],"inLanguage":"en-US"},{"@type":"Organization","@id":"https:\/\/burmaprojekt.de\/#organization","name":"Burma Projekt e.V. Berlin","url":"https:\/\/burmaprojekt.de\/","logo":{"@type":"ImageObject","inLanguage":"en-US","@id":"https:\/\/burmaprojekt.de\/#\/schema\/logo\/image\/","url":"https:\/\/burmaprojekt.de\/wp-content\/uploads\/2019\/03\/Logo.jpg","contentUrl":"https:\/\/burmaprojekt.de\/wp-content\/uploads\/2019\/03\/Logo.jpg","width":467,"height":720,"caption":"Burma Projekt e.V. Berlin"},"image":{"@id":"https:\/\/burmaprojekt.de\/#\/schema\/logo\/image\/"}}]}},"_links":{"self":[{"href":"https:\/\/burmaprojekt.de\/index.php?rest_route=\/wp\/v2\/pages\/356","targetHints":{"allow":["GET"]}}],"collection":[{"href":"https:\/\/burmaprojekt.de\/index.php?rest_route=\/wp\/v2\/pages"}],"about":[{"href":"https:\/\/burmaprojekt.de\/index.php?rest_route=\/wp\/v2\/types\/page"}],"author":[{"embeddable":true,"href":"https:\/\/burmaprojekt.de\/index.php?rest_route=\/wp\/v2\/users\/1"}],"replies":[{"embeddable":true,"href":"https:\/\/burmaprojekt.de\/index.php?rest_route=%2Fwp%2Fv2%2Fcomments&post=356"}],"version-history":[{"count":5,"href":"https:\/\/burmaprojekt.de\/index.php?rest_route=\/wp\/v2\/pages\/356\/revisions"}],"predecessor-version":[{"id":515,"href":"https:\/\/burmaprojekt.de\/index.php?rest_route=\/wp\/v2\/pages\/356\/revisions\/515"}],"wp:attachment":[{"href":"https:\/\/burmaprojekt.de\/index.php?rest_route=%2Fwp%2Fv2%2Fmedia&parent=356"}],"curies":[{"name":"wp","href":"https:\/\/api.w.org\/{rel}","templated":true}]}}